{"id":3132,"date":"2022-03-17T13:38:10","date_gmt":"2022-03-17T12:38:10","guid":{"rendered":"https:\/\/lesgribouillisdarthur.fr\/?post_type=product&#038;p=3132"},"modified":"2023-06-28T09:24:42","modified_gmt":"2023-06-28T07:24:42","slug":"affiche-naissance-tracteurs","status":"publish","type":"product","link":"https:\/\/lesgribouillisdarthur.fr\/index.php\/produit\/affiche-naissance-tracteurs\/","title":{"rendered":"Affiche naissance Tracteurs"},"content":{"rendered":"<p><strong>Affiche naissance Tracteurs personnalis\u00e9e<\/strong><\/p>\n<p>Affiche naissance Tracteurs personnalis\u00e9e, d\u00e9coration parfaite pour la chambre de b\u00e9b\u00e9. Un joli rappel de sa naissance avec tous les d\u00e9tails qui l\u2019ont rendue unique. Un cadeau original et tendre pour les heureux parents ou la famille, qui fera de b\u00e9b\u00e9 la star !<\/p>\n<p><em>Pour lui donner envie de grandir \u00e0 tout allure, B\u00e9b\u00e9 vit ses premi\u00e8res aventures \u00e0 la ferme avec le mod\u00e8le petits tracteurs plein de couleurs !<\/em><\/p>\n<p><strong>Caract\u00e9ristiques du produit\u00a0:<\/strong><\/p>\n<p>Format : A4 portrait (21 x 29,7 cm) ou A3 (29.7&#215;42 cm)<\/p>\n<p>Vendue sans cadre<\/p>\n<p>Format num\u00e9rique ou imprim\u00e9e par jet d\u2019encre sur papier photo de qualit\u00e9 professionnelle en 260g\/m2<\/p>\n<p>Personnalisation : pr\u00e9nom, jour, heure, taille, poids, photo suivant mod\u00e8le<\/p>\n<p><em>Si cet objet vous pla\u00eet, vous aimerez aussi l&rsquo;<a href=\"https:\/\/lesgribouillisdarthur.fr\/index.php\/produit\/affiche-arbre-a-empreintes\/\">affiche \u00e0 empreintes<\/a> ou la <a href=\"https:\/\/lesgribouillisdarthur.fr\/index.php\/produit\/carte-quenottes-collection-arthur\/\">carte quenotte<\/a>&#8230;<\/em><\/p>\n<div class=\"woocommerce-tabs wc-tabs-wrapper\">\n<div id=\"tab-description\" class=\"woocommerce-Tabs-panel woocommerce-Tabs-panel--description panel entry-content wc-tab\" role=\"tabpanel\" aria-labelledby=\"tab-title-description\">\n<p>je suis \u00e9galement sur les r\u00e9seaux, alors suivez-moi :<br \/>\nFacebook : <a href=\"https:\/\/www.facebook.com\/lesgribouillisdarthur\" target=\"_blank\" rel=\"noopener\">@LesgribouillisdArthur<\/a><br \/>\nInstagram : <a href=\"https:\/\/instagram.com\/lesgribouillisdarthur?igshid=YmMyMTA2M2Y\">@LesGribouillisd\u2019Arthur<\/a><\/p>\n<p>\u00a9 Les gribouillis d\u2019Arthur \u2013 Tous droits de reproduction interdits.<\/p>\n<\/div>\n<\/div>\n","protected":false},"excerpt":{"rendered":"<div class=\"mb-xs-1 ml-xs-1 ml-md-0\">\n<div id=\"description-text-content-toggle\" class=\"\" aria-hidden=\"false\">\n<p><strong>Affiche de naissance personnalis\u00e9e<\/strong><\/p>\n<p>Affiche de naissance personnalis\u00e9e, d\u00e9coration parfaite pour la chambre de b\u00e9b\u00e9. Un joli rappel de sa naissance avec tous les d\u00e9tails qui l\u2019ont rendue unique. Un cadeau original et tendre pour les heureux parents ou la famille, qui fera de b\u00e9b\u00e9 la star !<\/p>\n<p><em>Pour lui donner envie de grandir \u00e0 tout allure, B\u00e9b\u00e9 vit ses premi\u00e8res aventures \u00e0 la ferme avec le mod\u00e8le petits tracteurs plein de couleurs !<\/em><span data-product-details-description-text-content=\"\"><br \/>\n<\/span><\/p>\n<\/div>\n<\/div>\n","protected":false},"featured_media":3135,"comment_status":"open","ping_status":"closed","template":"","meta":{"_uag_custom_page_level_css":"","_monsterinsights_skip_tracking":false,"_monsterinsights_sitenote_active":false,"_monsterinsights_sitenote_note":"","_monsterinsights_sitenote_category":0,"site-sidebar-layout":"default","site-content-layout":"default","ast-site-content-layout":"","site-content-style":"default","site-sidebar-style":"default","ast-global-header-display":"","ast-banner-title-visibility":"","ast-main-header-display":"","ast-hfb-above-header-display":"","ast-hfb-below-header-display":"","ast-hfb-mobile-header-display":"","site-post-title":"","ast-breadcrumbs-content":"","ast-featured-img":"","footer-sml-layout":"","theme-transparent-header-meta":"default","adv-header-id-meta":"","stick-header-meta":"","header-above-stick-meta":"","header-main-stick-meta":"","header-below-stick-meta":"","astra-migrate-meta-layouts":"default","ast-page-background-enabled":"default","ast-page-background-meta":{"desktop":{"background-color":"","background-image":"","background-repeat":"repeat","background-position":"center center","background-size":"auto","background-attachment":"scroll","background-type":"","background-media":"","overlay-type":"","overlay-color":"","overlay-opacity":"","overlay-gradient":""},"tablet":{"background-color":"","background-image":"","background-repeat":"repeat","background-position":"center center","background-size":"auto","background-attachment":"scroll","background-type":"","background-media":"","overlay-type":"","overlay-color":"","overlay-opacity":"","overlay-gradient":""},"mobile":{"background-color":"","background-image":"","background-repeat":"repeat","background-position":"center center","background-size":"auto","background-attachment":"scroll","background-type":"","background-media":"","overlay-type":"","overlay-color":"","overlay-opacity":"","overlay-gradient":""}},"ast-content-background-meta":{"desktop":{"background-color":"var(--ast-global-color-5)","background-image":"","background-repeat":"repeat","background-position":"center center","background-size":"auto","background-attachment":"scroll","background-type":"","background-media":"","overlay-type":"","overlay-color":"","overlay-opacity":"","overlay-gradient":""},"tablet":{"background-color":"var(--ast-global-color-5)","background-image":"","background-repeat":"repeat","background-position":"center center","background-size":"auto","background-attachment":"scroll","background-type":"","background-media":"","overlay-type":"","overlay-color":"","overlay-opacity":"","overlay-gradient":""},"mobile":{"background-color":"var(--ast-global-color-5)","background-image":"","background-repeat":"repeat","background-position":"center center","background-size":"auto","background-attachment":"scroll","background-type":"","background-media":"","overlay-type":"","overlay-color":"","overlay-opacity":"","overlay-gradient":""}},"_themeisle_gutenberg_block_has_review":false},"product_brand":[],"product_cat":[49],"product_tag":[],"class_list":{"0":"post-3132","1":"product","2":"type-product","3":"status-publish","4":"has-post-thumbnail","6":"product_cat-affiche-naissance","7":"product_shipping_class-affiches","8":"desktop-align-center","9":"tablet-align-left","10":"mobile-align-left","11":"wcpa_has_options","13":"first","14":"instock","15":"featured","16":"taxable","17":"shipping-taxable","18":"purchasable","19":"product-type-variable"},"yoast_head":"<!-- This site is optimized with the Yoast SEO plugin v27.5 - https:\/\/yoast.com\/product\/yoast-seo-wordpress\/ -->\n<title>Affiche naissance Tracteurs | Les Gribouillis d&#039;Arthur<\/title>\n<meta name=\"description\" content=\"Affiche naissance Tracteurs personnalis\u00e9e, d\u00e9coration parfaite pour la chambre de b\u00e9b\u00e9. Un joli rappel de sa naissance avec tous les d\u00e9tails qui l\u2019ont rendue unique.\" \/>\n<meta name=\"robots\" content=\"index, follow, max-snippet:-1, max-image-preview:large, max-video-preview:-1\" \/>\n<link rel=\"canonical\" href=\"https:\/\/lesgribouillisdarthur.fr\/index.php\/produit\/affiche-naissance-tracteurs\/\" \/>\n<meta property=\"og:locale\" content=\"fr_FR\" \/>\n<meta property=\"og:type\" content=\"article\" \/>\n<meta property=\"og:title\" content=\"Affiche naissance Tracteurs | Les Gribouillis d&#039;Arthur\" \/>\n<meta property=\"og:description\" content=\"Affiche naissance Tracteurs personnalis\u00e9e, d\u00e9coration parfaite pour la chambre de b\u00e9b\u00e9. Un joli rappel de sa naissance avec tous les d\u00e9tails qui l\u2019ont rendue unique.\" \/>\n<meta property=\"og:url\" content=\"https:\/\/lesgribouillisdarthur.fr\/index.php\/produit\/affiche-naissance-tracteurs\/\" \/>\n<meta property=\"og:site_name\" content=\"Les Gribouillis d&#039;Arthur\" \/>\n<meta property=\"article:publisher\" content=\"https:\/\/www.facebook.com\/lesgribouillisdarthur\" \/>\n<meta property=\"article:modified_time\" content=\"2023-06-28T07:24:42+00:00\" \/>\n<meta property=\"og:image\" content=\"https:\/\/lesgribouillisdarthur.fr\/wp-content\/uploads\/2022\/03\/teo-scaled.jpg\" \/>\n\t<meta property=\"og:image:width\" content=\"2560\" \/>\n\t<meta property=\"og:image:height\" content=\"1920\" \/>\n\t<meta property=\"og:image:type\" content=\"image\/jpeg\" \/>\n<meta name=\"twitter:card\" content=\"summary_large_image\" \/>\n<meta name=\"twitter:label1\" content=\"Dur\u00e9e de lecture estim\u00e9e\" \/>\n\t<meta name=\"twitter:data1\" content=\"1 minute\" \/>\n<script type=\"application\/ld+json\" class=\"yoast-schema-graph\">{\"@context\":\"https:\\\/\\\/schema.org\",\"@graph\":[{\"@type\":\"WebPage\",\"@id\":\"https:\\\/\\\/lesgribouillisdarthur.fr\\\/index.php\\\/produit\\\/affiche-naissance-tracteurs\\\/\",\"url\":\"https:\\\/\\\/lesgribouillisdarthur.fr\\\/index.php\\\/produit\\\/affiche-naissance-tracteurs\\\/\",\"name\":\"Affiche naissance Tracteurs | Les Gribouillis d&#039;Arthur\",\"isPartOf\":{\"@id\":\"https:\\\/\\\/lesgribouillisdarthur.fr\\\/#website\"},\"primaryImageOfPage\":{\"@id\":\"https:\\\/\\\/lesgribouillisdarthur.fr\\\/index.php\\\/produit\\\/affiche-naissance-tracteurs\\\/#primaryimage\"},\"image\":{\"@id\":\"https:\\\/\\\/lesgribouillisdarthur.fr\\\/index.php\\\/produit\\\/affiche-naissance-tracteurs\\\/#primaryimage\"},\"thumbnailUrl\":\"https:\\\/\\\/lesgribouillisdarthur.fr\\\/wp-content\\\/uploads\\\/2022\\\/03\\\/teo-scaled.jpg\",\"datePublished\":\"2022-03-17T12:38:10+00:00\",\"dateModified\":\"2023-06-28T07:24:42+00:00\",\"description\":\"Affiche naissance Tracteurs personnalis\u00e9e, d\u00e9coration parfaite pour la chambre de b\u00e9b\u00e9. Un joli rappel de sa naissance avec tous les d\u00e9tails qui l\u2019ont rendue unique.\",\"breadcrumb\":{\"@id\":\"https:\\\/\\\/lesgribouillisdarthur.fr\\\/index.php\\\/produit\\\/affiche-naissance-tracteurs\\\/#breadcrumb\"},\"inLanguage\":\"fr-FR\",\"potentialAction\":[{\"@type\":\"ReadAction\",\"target\":[\"https:\\\/\\\/lesgribouillisdarthur.fr\\\/index.php\\\/produit\\\/affiche-naissance-tracteurs\\\/\"]}]},{\"@type\":\"ImageObject\",\"inLanguage\":\"fr-FR\",\"@id\":\"https:\\\/\\\/lesgribouillisdarthur.fr\\\/index.php\\\/produit\\\/affiche-naissance-tracteurs\\\/#primaryimage\",\"url\":\"https:\\\/\\\/lesgribouillisdarthur.fr\\\/wp-content\\\/uploads\\\/2022\\\/03\\\/teo-scaled.jpg\",\"contentUrl\":\"https:\\\/\\\/lesgribouillisdarthur.fr\\\/wp-content\\\/uploads\\\/2022\\\/03\\\/teo-scaled.jpg\",\"width\":2560,\"height\":1920,\"caption\":\"Affiche naissance personnalis\u00e9e th\u00e8me tracteurs\"},{\"@type\":\"BreadcrumbList\",\"@id\":\"https:\\\/\\\/lesgribouillisdarthur.fr\\\/index.php\\\/produit\\\/affiche-naissance-tracteurs\\\/#breadcrumb\",\"itemListElement\":[{\"@type\":\"ListItem\",\"position\":1,\"name\":\"Accueil\",\"item\":\"https:\\\/\\\/lesgribouillisdarthur.fr\\\/\"},{\"@type\":\"ListItem\",\"position\":2,\"name\":\"La boutique\",\"item\":\"https:\\\/\\\/lesgribouillisdarthur.fr\\\/?page_id=6553\"},{\"@type\":\"ListItem\",\"position\":3,\"name\":\"Affiche naissance Tracteurs\"}]},{\"@type\":\"WebSite\",\"@id\":\"https:\\\/\\\/lesgribouillisdarthur.fr\\\/#website\",\"url\":\"https:\\\/\\\/lesgribouillisdarthur.fr\\\/\",\"name\":\"Les Gribouillis d&#039;Arthur\",\"description\":\"Les Gribouillis d&#039;Arthur, cadeaux personnalis\u00e9s pour toute la famille\",\"publisher\":{\"@id\":\"https:\\\/\\\/lesgribouillisdarthur.fr\\\/#organization\"},\"potentialAction\":[{\"@type\":\"SearchAction\",\"target\":{\"@type\":\"EntryPoint\",\"urlTemplate\":\"https:\\\/\\\/lesgribouillisdarthur.fr\\\/?s={search_term_string}\"},\"query-input\":{\"@type\":\"PropertyValueSpecification\",\"valueRequired\":true,\"valueName\":\"search_term_string\"}}],\"inLanguage\":\"fr-FR\"},{\"@type\":\"Organization\",\"@id\":\"https:\\\/\\\/lesgribouillisdarthur.fr\\\/#organization\",\"name\":\"Les Gribouillis d&#039;Arthur\",\"url\":\"https:\\\/\\\/lesgribouillisdarthur.fr\\\/\",\"logo\":{\"@type\":\"ImageObject\",\"inLanguage\":\"fr-FR\",\"@id\":\"https:\\\/\\\/lesgribouillisdarthur.fr\\\/#\\\/schema\\\/logo\\\/image\\\/\",\"url\":\"https:\\\/\\\/lesgribouillisdarthur.fr\\\/wp-content\\\/uploads\\\/2022\\\/10\\\/cropped-cropped-cropped-cropped-cropped-cropped-logo-bleu-1.png\",\"contentUrl\":\"https:\\\/\\\/lesgribouillisdarthur.fr\\\/wp-content\\\/uploads\\\/2022\\\/10\\\/cropped-cropped-cropped-cropped-cropped-cropped-logo-bleu-1.png\",\"width\":254,\"height\":53,\"caption\":\"Les Gribouillis d&#039;Arthur\"},\"image\":{\"@id\":\"https:\\\/\\\/lesgribouillisdarthur.fr\\\/#\\\/schema\\\/logo\\\/image\\\/\"},\"sameAs\":[\"https:\\\/\\\/www.facebook.com\\\/lesgribouillisdarthur\",\"https:\\\/\\\/www.instagram.com\\\/lesgribouillisdarthur\\\/?hl=fr\"]}]}<\/script>\n<!-- \/ Yoast SEO plugin. -->","yoast_head_json":{"title":"Affiche naissance Tracteurs | Les Gribouillis d&#039;Arthur","description":"Affiche naissance Tracteurs personnalis\u00e9e, d\u00e9coration parfaite pour la chambre de b\u00e9b\u00e9. Un joli rappel de sa naissance avec tous les d\u00e9tails qui l\u2019ont rendue unique.","robots":{"index":"index","follow":"follow","max-snippet":"max-snippet:-1","max-image-preview":"max-image-preview:large","max-video-preview":"max-video-preview:-1"},"canonical":"https:\/\/lesgribouillisdarthur.fr\/index.php\/produit\/affiche-naissance-tracteurs\/","og_locale":"fr_FR","og_type":"article","og_title":"Affiche naissance Tracteurs | Les Gribouillis d&#039;Arthur","og_description":"Affiche naissance Tracteurs personnalis\u00e9e, d\u00e9coration parfaite pour la chambre de b\u00e9b\u00e9. Un joli rappel de sa naissance avec tous les d\u00e9tails qui l\u2019ont rendue unique.","og_url":"https:\/\/lesgribouillisdarthur.fr\/index.php\/produit\/affiche-naissance-tracteurs\/","og_site_name":"Les Gribouillis d&#039;Arthur","article_publisher":"https:\/\/www.facebook.com\/lesgribouillisdarthur","article_modified_time":"2023-06-28T07:24:42+00:00","og_image":[{"width":2560,"height":1920,"url":"https:\/\/lesgribouillisdarthur.fr\/wp-content\/uploads\/2022\/03\/teo-scaled.jpg","type":"image\/jpeg"}],"twitter_card":"summary_large_image","twitter_misc":{"Dur\u00e9e de lecture estim\u00e9e":"1 minute"},"schema":{"@context":"https:\/\/schema.org","@graph":[{"@type":"WebPage","@id":"https:\/\/lesgribouillisdarthur.fr\/index.php\/produit\/affiche-naissance-tracteurs\/","url":"https:\/\/lesgribouillisdarthur.fr\/index.php\/produit\/affiche-naissance-tracteurs\/","name":"Affiche naissance Tracteurs | Les Gribouillis d&#039;Arthur","isPartOf":{"@id":"https:\/\/lesgribouillisdarthur.fr\/#website"},"primaryImageOfPage":{"@id":"https:\/\/lesgribouillisdarthur.fr\/index.php\/produit\/affiche-naissance-tracteurs\/#primaryimage"},"image":{"@id":"https:\/\/lesgribouillisdarthur.fr\/index.php\/produit\/affiche-naissance-tracteurs\/#primaryimage"},"thumbnailUrl":"https:\/\/lesgribouillisdarthur.fr\/wp-content\/uploads\/2022\/03\/teo-scaled.jpg","datePublished":"2022-03-17T12:38:10+00:00","dateModified":"2023-06-28T07:24:42+00:00","description":"Affiche naissance Tracteurs personnalis\u00e9e, d\u00e9coration parfaite pour la chambre de b\u00e9b\u00e9. Un joli rappel de sa naissance avec tous les d\u00e9tails qui l\u2019ont rendue unique.","breadcrumb":{"@id":"https:\/\/lesgribouillisdarthur.fr\/index.php\/produit\/affiche-naissance-tracteurs\/#breadcrumb"},"inLanguage":"fr-FR","potentialAction":[{"@type":"ReadAction","target":["https:\/\/lesgribouillisdarthur.fr\/index.php\/produit\/affiche-naissance-tracteurs\/"]}]},{"@type":"ImageObject","inLanguage":"fr-FR","@id":"https:\/\/lesgribouillisdarthur.fr\/index.php\/produit\/affiche-naissance-tracteurs\/#primaryimage","url":"https:\/\/lesgribouillisdarthur.fr\/wp-content\/uploads\/2022\/03\/teo-scaled.jpg","contentUrl":"https:\/\/lesgribouillisdarthur.fr\/wp-content\/uploads\/2022\/03\/teo-scaled.jpg","width":2560,"height":1920,"caption":"Affiche naissance personnalis\u00e9e th\u00e8me tracteurs"},{"@type":"BreadcrumbList","@id":"https:\/\/lesgribouillisdarthur.fr\/index.php\/produit\/affiche-naissance-tracteurs\/#breadcrumb","itemListElement":[{"@type":"ListItem","position":1,"name":"Accueil","item":"https:\/\/lesgribouillisdarthur.fr\/"},{"@type":"ListItem","position":2,"name":"La boutique","item":"https:\/\/lesgribouillisdarthur.fr\/?page_id=6553"},{"@type":"ListItem","position":3,"name":"Affiche naissance Tracteurs"}]},{"@type":"WebSite","@id":"https:\/\/lesgribouillisdarthur.fr\/#website","url":"https:\/\/lesgribouillisdarthur.fr\/","name":"Les Gribouillis d&#039;Arthur","description":"Les Gribouillis d&#039;Arthur, cadeaux personnalis\u00e9s pour toute la famille","publisher":{"@id":"https:\/\/lesgribouillisdarthur.fr\/#organization"},"potentialAction":[{"@type":"SearchAction","target":{"@type":"EntryPoint","urlTemplate":"https:\/\/lesgribouillisdarthur.fr\/?s={search_term_string}"},"query-input":{"@type":"PropertyValueSpecification","valueRequired":true,"valueName":"search_term_string"}}],"inLanguage":"fr-FR"},{"@type":"Organization","@id":"https:\/\/lesgribouillisdarthur.fr\/#organization","name":"Les Gribouillis d&#039;Arthur","url":"https:\/\/lesgribouillisdarthur.fr\/","logo":{"@type":"ImageObject","inLanguage":"fr-FR","@id":"https:\/\/lesgribouillisdarthur.fr\/#\/schema\/logo\/image\/","url":"https:\/\/lesgribouillisdarthur.fr\/wp-content\/uploads\/2022\/10\/cropped-cropped-cropped-cropped-cropped-cropped-logo-bleu-1.png","contentUrl":"https:\/\/lesgribouillisdarthur.fr\/wp-content\/uploads\/2022\/10\/cropped-cropped-cropped-cropped-cropped-cropped-logo-bleu-1.png","width":254,"height":53,"caption":"Les Gribouillis d&#039;Arthur"},"image":{"@id":"https:\/\/lesgribouillisdarthur.fr\/#\/schema\/logo\/image\/"},"sameAs":["https:\/\/www.facebook.com\/lesgribouillisdarthur","https:\/\/www.instagram.com\/lesgribouillisdarthur\/?hl=fr"]}]}},"uagb_featured_image_src":{"full":["https:\/\/lesgribouillisdarthur.fr\/wp-content\/uploads\/2022\/03\/teo-scaled.jpg",2560,1920,false],"thumbnail":["https:\/\/lesgribouillisdarthur.fr\/wp-content\/uploads\/2022\/03\/teo-150x150.jpg",150,150,true],"medium":["https:\/\/lesgribouillisdarthur.fr\/wp-content\/uploads\/2022\/03\/teo-300x225.jpg",300,225,true],"medium_large":["https:\/\/lesgribouillisdarthur.fr\/wp-content\/uploads\/2022\/03\/teo-768x576.jpg",768,576,true],"large":["https:\/\/lesgribouillisdarthur.fr\/wp-content\/uploads\/2022\/03\/teo-1024x768.jpg",300,225,true],"1536x1536":["https:\/\/lesgribouillisdarthur.fr\/wp-content\/uploads\/2022\/03\/teo-1536x1152.jpg",1536,1152,true],"2048x2048":["https:\/\/lesgribouillisdarthur.fr\/wp-content\/uploads\/2022\/03\/teo-2048x1536.jpg",2048,1536,true],"woocommerce_thumbnail":["https:\/\/lesgribouillisdarthur.fr\/wp-content\/uploads\/2022\/03\/teo-scaled-1200x1200.jpg",1200,1200,true],"woocommerce_single":["https:\/\/lesgribouillisdarthur.fr\/wp-content\/uploads\/2022\/03\/teo-scaled-1200x900.jpg",1200,900,true],"woocommerce_gallery_thumbnail":["https:\/\/lesgribouillisdarthur.fr\/wp-content\/uploads\/2022\/03\/teo-scaled-100x100.jpg",100,100,true]},"uagb_author_info":{"display_name":"admin7680","author_link":"https:\/\/lesgribouillisdarthur.fr\/index.php\/author\/"},"uagb_comment_info":0,"uagb_excerpt":"Affiche de naissance personnalis\u00e9e Affiche de naissance personnalis\u00e9e, d\u00e9coration parfaite pour la chambre de b\u00e9b\u00e9. Un joli rappel de sa naissance avec tous les d\u00e9tails qui l\u2019ont rendue unique. Un cadeau original et tendre pour les heureux parents ou la famille, qui fera de b\u00e9b\u00e9 la star ! Pour lui donner envie de grandir \u00e0\u2026","_links":{"self":[{"href":"https:\/\/lesgribouillisdarthur.fr\/index.php\/wp-json\/wp\/v2\/product\/3132","targetHints":{"allow":["GET"]}}],"collection":[{"href":"https:\/\/lesgribouillisdarthur.fr\/index.php\/wp-json\/wp\/v2\/product"}],"about":[{"href":"https:\/\/lesgribouillisdarthur.fr\/index.php\/wp-json\/wp\/v2\/types\/product"}],"replies":[{"embeddable":true,"href":"https:\/\/lesgribouillisdarthur.fr\/index.php\/wp-json\/wp\/v2\/comments?post=3132"}],"wp:featuredmedia":[{"embeddable":true,"href":"https:\/\/lesgribouillisdarthur.fr\/index.php\/wp-json\/wp\/v2\/media\/3135"}],"wp:attachment":[{"href":"https:\/\/lesgribouillisdarthur.fr\/index.php\/wp-json\/wp\/v2\/media?parent=3132"}],"wp:term":[{"taxonomy":"product_brand","embeddable":true,"href":"https:\/\/lesgribouillisdarthur.fr\/index.php\/wp-json\/wp\/v2\/product_brand?post=3132"},{"taxonomy":"product_cat","embeddable":true,"href":"https:\/\/lesgribouillisdarthur.fr\/index.php\/wp-json\/wp\/v2\/product_cat?post=3132"},{"taxonomy":"product_tag","embeddable":true,"href":"https:\/\/lesgribouillisdarthur.fr\/index.php\/wp-json\/wp\/v2\/product_tag?post=3132"}],"curies":[{"name":"wp","href":"https:\/\/api.w.org\/{rel}","templated":true}]}}